{"id":610,"date":"2011-04-23T16:06:53","date_gmt":"2011-04-23T16:06:53","guid":{"rendered":"http:\/\/www.pro-skills.eu\/"},"modified":"2012-08-10T11:52:32","modified_gmt":"2012-08-10T11:52:32","slug":"produkte","status":"publish","type":"page","link":"https:\/\/www.pro-skills.eu\/de\/produkte\/","title":{"rendered":"Produkte"},"content":{"rendered":"<p>&nbsp;<\/p>\n<h2>Produkte<\/h2>\n<p style=\"padding-left: 30px;\"><span style=\"font-size: small;\"><strong>1.<\/strong> <span style=\"font-size: x-small;\"><a href=\"#background_philosophy\">Hintergrund Philosophie von PRO-SKILLS<\/a><\/span><\/span><span style=\"font-size: small;\"><span style=\"font-size: x-small;\">&#8230;<\/span><\/span><\/p>\n<p style=\"padding-left: 30px;\"><span style=\"font-size: small;\"><strong>2.<\/strong> <span style=\"font-size: x-small;\"><a href=\"#training_concept\">Trainingskonzept zur F\u00f6rderung von sozialen und personalen<\/a><\/span><\/span><span style=\"font-size: small;\"><span style=\"font-size: x-small;\">&#8230;<\/span><\/span><\/p>\n<p style=\"padding-left: 30px;\"><span style=\"font-size: small;\"><strong>3.<\/strong> <\/span><span style=\"font-size: small;\"><a href=\"#toolbox\"><span style=\"font-size: x-small;\">Pro-Skills-Toolbox: Beispiele guter Praxis<\/span><\/a><\/span><\/p>\n<p style=\"padding-left: 30px;\"><span style=\"font-size: small;\"><span style=\"font-size: x-small;\"><strong><span style=\"font-size: small;\">4<\/span><span style=\"font-size: small;\">.<\/span><\/strong> <a href=\"#requirements\">Bildungspolitische Erfordernisse zum Empowerment von sozial Benachteiligten<\/a><\/span><\/span><\/p>\n<p><span style=\"font-size: x-small;\">&#8230;&#8230;&#8230;&#8230;&#8230;&#8230;&#8230;&#8230;&#8230;&#8230;&#8230;&#8230;&#8230;&#8230;&#8230;&#8230;&#8230;&#8230;&#8230;&#8230;&#8230;&#8230;&#8230;&#8230;&#8230;&#8230;&#8230;&#8230;&#8230;&#8230;&#8230;&#8230;&#8230;&#8230;&#8230;&#8230;&#8230;&#8230;&#8230;&#8230;&#8230;&#8230;&#8230;&#8230;&#8230;&#8230;&#8230;&#8230;&#8230;&#8230;&#8230;&#8230;&#8230;&#8230;&#8230;&#8230;&#8230;&#8230;&#8230;&#8230;&#8230;&#8230;&#8230;&#8230;&#8230;&#8230;&#8230;&#8230;&#8230;&#8230;&#8230;&#8230;&#8230;&#8230;&#8230;&#8230;&#8230;&#8230;.<\/span><\/p>\n<h3><a name=\"background_philosophy\"><\/a><strong><strong>Hintergrund Philosophie von PRO-SKILLS<\/strong><\/strong><\/h3>\n<p>In diesem Dokument erl\u00e4utern die Pro-Skills-Partner die philosophische und ethische Grundlage des Ansatzes, ihre Werthaltungen, ihren Auftrag sowie den methodischen Ansatz.<\/p>\n<p><img loading=\"lazy\" decoding=\"async\" class=\"alignleft product-image\" src=\"http:\/\/www.pro-skills.eu\/slike\/proskills-philosophy.jpg\" alt=\"\" width=\"260\" height=\"373\" \/><\/p>\n<p><a href=\"http:\/\/www.pro-skills.eu\/background\/ProSkills_philosophy_English.pdf\" target=\"_blank\"><img loading=\"lazy\" decoding=\"async\" src=\"http:\/\/www.pro-skills.eu\/slike\/PDF_icon.jpg\" alt=\"\" width=\"38\" height=\"38\" \/>English<\/a><\/p>\n<p><a href=\"http:\/\/www.pro-skills.eu\/background\/ProSkills_philosophy_German.pdf\" target=\"_blank\"><img loading=\"lazy\" decoding=\"async\" src=\"http:\/\/www.pro-skills.eu\/slike\/PDF_icon.jpg\" alt=\"\" width=\"38\" height=\"38\" \/>German<\/a><\/p>\n<p><a href=\"http:\/\/www.pro-skills.eu\/background\/ProSkills_philosophy_French.pdf\" target=\"_blank\"><img loading=\"lazy\" decoding=\"async\" src=\"http:\/\/www.pro-skills.eu\/slike\/PDF_icon.jpg\" alt=\"\" width=\"38\" height=\"38\" \/>French<\/a><\/p>\n<p><a href=\"http:\/\/www.pro-skills.eu\/background\/ProSkills_philosophy_Finnish.pdf\" target=\"_blank\"><img loading=\"lazy\" decoding=\"async\" src=\"http:\/\/www.pro-skills.eu\/slike\/PDF_icon.jpg\" alt=\"\" width=\"38\" height=\"38\" \/>Finnish<\/a><\/p>\n<p><a href=\"http:\/\/www.pro-skills.eu\/background\/ProSkills_philosophy_Greek.pdf\" target=\"_blank\"><img loading=\"lazy\" decoding=\"async\" src=\"http:\/\/www.pro-skills.eu\/slike\/PDF_icon.jpg\" alt=\"\" width=\"38\" height=\"38\" \/>Greek<\/a><\/p>\n<p><a href=\"http:\/\/www.pro-skills.eu\/background\/ProSkills_philosophy_Italian.pdf\" target=\"_blank\"><img loading=\"lazy\" decoding=\"async\" src=\"http:\/\/www.pro-skills.eu\/slike\/PDF_icon.jpg\" alt=\"\" width=\"38\" height=\"38\" \/>Italian<\/a><\/p>\n<p><a href=\"http:\/\/www.pro-skills.eu\/background\/ProSkills_philosophy_Hungarian.pdf\" target=\"_blank\"><img loading=\"lazy\" decoding=\"async\" src=\"http:\/\/www.pro-skills.eu\/slike\/PDF_icon.jpg\" alt=\"\" width=\"38\" height=\"38\" \/>Hungarian<\/a><\/p>\n<p><a href=\"http:\/\/www.pro-skills.eu\/background\/ProSkills_philosophy_Slowenian.pdf\" target=\"_blank\"><img loading=\"lazy\" decoding=\"async\" src=\"http:\/\/www.pro-skills.eu\/slike\/PDF_icon.jpg\" alt=\"\" width=\"38\" height=\"38\" \/>Slovenian<\/a><\/p>\n<p><a href=\"http:\/\/www.pro-skills.eu\/background\/ProSkills_philosophy_Swedish.pdf\" target=\"_blank\"><img loading=\"lazy\" decoding=\"async\" src=\"http:\/\/www.pro-skills.eu\/slike\/PDF_icon.jpg\" alt=\"\" width=\"38\" height=\"38\" \/>Swedish<\/a><\/p>\n<p>&nbsp;<\/p>\n<p><span style=\"font-size: x-small;\">&#8230;&#8230;&#8230;&#8230;&#8230;&#8230;&#8230;&#8230;&#8230;&#8230;&#8230;&#8230;&#8230;&#8230;&#8230;&#8230;&#8230;&#8230;&#8230;&#8230;&#8230;&#8230;&#8230;&#8230;&#8230;&#8230;&#8230;&#8230;&#8230;&#8230;&#8230;&#8230;&#8230;&#8230;&#8230;&#8230;&#8230;&#8230;&#8230;&#8230;&#8230;&#8230;&#8230;&#8230;&#8230;&#8230;&#8230;&#8230;&#8230;&#8230;&#8230;&#8230;&#8230;&#8230;&#8230;&#8230;&#8230;&#8230;&#8230;&#8230;&#8230;&#8230;&#8230;&#8230;&#8230;&#8230;&#8230;&#8230;&#8230;&#8230;&#8230;&#8230;&#8230;&#8230;&#8230;&#8230;&#8230;&#8230;.<\/span><\/p>\n<h3><a name=\"training_concept\"><\/a><strong><strong>Trainingskonzept zur F\u00f6rderung von sozialen und personalen Kompetenzen bei sozial benach-teiligten jungen Erwachsenen<\/strong><\/strong><\/h3>\n<p>&nbsp;<\/p>\n<p>Wir freuen uns, das Trainingskonzept (Handbuch) zur F\u00f6rderung von sozialen und personalen Kompetenzen bei sozial benachteiligten jungen Erwachsenen als Basis f\u00fcr Lebenslanges Lernen vorzustellen, das nun in acht Sprachen (Deutsch, Englisch, Franz\u00f6sisch, Finnisch, Griechisch, Italienisch, Ungarisch und Slowenisch) erh\u00e4ltlich ist. Der Download sowie die Vervielf\u00e4ltigung des Handbuchs sind kostenfrei und erw\u00fcnscht. Sofern Sie an Printversionen interessiert sind, k\u00f6nnen Sie sich an den Projektpartner in ihrem Land oder an die <a href=\"http:\/\/www.pro-skills.eu\/de\/partners\">Projektkoordinatoren<\/a> wenden.<\/p>\n<p>&nbsp;<\/p>\n<h3>Trainingskonzept zur F\u00f6rderung von sozialen und personalen Kompetenzen bei sozial benachteiligten jungen Erwachsenen<\/h3>\n<p>&nbsp;<\/p>\n<p><img loading=\"lazy\" decoding=\"async\" class=\"alignleft product-image\" src=\"http:\/\/www.pro-skills.eu\/slike\/prirocnik.jpg\" alt=\"\" width=\"260\" height=\"373\"\/><\/p>\n<p><a href=\"http:\/\/www.pro-skills.eu\/manual\/ProSkills_Manual_English.pdf\" target=\"_blank\"><img loading=\"lazy\" decoding=\"async\" src=\"http:\/\/www.pro-skills.eu\/slike\/PDF_icon.jpg\" alt=\"\" width=\"38\" height=\"38\" \/>English<\/a><\/p>\n<p><a href=\"http:\/\/www.pro-skills.eu\/manual\/ProSkills_Manual_German.pdf\" target=\"_blank\"><img loading=\"lazy\" decoding=\"async\" src=\"http:\/\/www.pro-skills.eu\/slike\/PDF_icon.jpg\" alt=\"\" width=\"38\" height=\"38\" \/>German<\/a><\/p>\n<p><a href=\"http:\/\/www.pro-skills.eu\/manual\/ProSkills_Manual_French.pdf\" target=\"_blank\"><img loading=\"lazy\" decoding=\"async\" src=\"http:\/\/www.pro-skills.eu\/slike\/PDF_icon.jpg\" alt=\"\" width=\"38\" height=\"38\" \/>French<\/a><\/p>\n<p><a href=\"http:\/\/www.pro-skills.eu\/manual\/ProSkills_Manual_Finnish.pdf\" target=\"_blank\"><img loading=\"lazy\" decoding=\"async\" src=\"http:\/\/www.pro-skills.eu\/slike\/PDF_icon.jpg\" alt=\"\" width=\"38\" height=\"38\" \/>Finnish<\/a><\/p>\n<p><a href=\"http:\/\/www.pro-skills.eu\/manual\/ProSkills_Manual_Greek.pdf\" target=\"_blank\"><img loading=\"lazy\" decoding=\"async\" src=\"http:\/\/www.pro-skills.eu\/slike\/PDF_icon.jpg\" alt=\"\" width=\"38\" height=\"38\" \/>Greek<\/a><\/p>\n<p><a href=\"http:\/\/www.pro-skills.eu\/manual\/ProSkills_Manual_Italian.pdf\" target=\"_blank\"><img loading=\"lazy\" decoding=\"async\" src=\"http:\/\/www.pro-skills.eu\/slike\/PDF_icon.jpg\" alt=\"\" width=\"38\" height=\"38\" \/>Italian<\/a><\/p>\n<p><a href=\"http:\/\/www.pro-skills.eu\/manual\/ProSkills_Manual_Hungarian.pdf\" target=\"_blank\"><img loading=\"lazy\" decoding=\"async\" src=\"http:\/\/www.pro-skills.eu\/slike\/PDF_icon.jpg\" alt=\"\" width=\"38\" height=\"38\" \/>Hungarian<\/a><\/p>\n<p><a href=\"http:\/\/www.pro-skills.eu\/manual\/ProSkills_Manual_Slovenian.pdf\" target=\"_blank\"><img loading=\"lazy\" decoding=\"async\" src=\"http:\/\/www.pro-skills.eu\/slike\/PDF_icon.jpg\" alt=\"\" width=\"38\" height=\"38\" \/>Slovenian<\/a><\/p>\n<p>&nbsp;<\/p>\n<p><strong><span style=\"font-weight: normal;\">&#8230;&#8230;&#8230;&#8230;&#8230;&#8230;&#8230;&#8230;&#8230;&#8230;&#8230;&#8230;&#8230;&#8230;&#8230;&#8230;&#8230;&#8230;&#8230;&#8230;&#8230;&#8230;&#8230;&#8230;&#8230;&#8230;&#8230;&#8230;&#8230;&#8230;&#8230;&#8230;&#8230;&#8230;&#8230;&#8230;&#8230;&#8230;&#8230;&#8230;&#8230;&#8230;&#8230;&#8230;&#8230;&#8230;&#8230;&#8230;&#8230;&#8230;&#8230;&#8230;&#8230;&#8230;&#8230;&#8230;&#8230;&#8230;&#8230;&#8230;&#8230;&#8230;&#8230;&#8230;&#8230;&#8230;&#8230;&#8230;&#8230;&#8230;&#8230;&#8230;&#8230;&#8230;&#8230;. <\/span><\/strong><\/p>\n<h3><a name=\"toolbox\"><\/a>Die Pro-Skills-Toolbox: Beispiele guter Praxis<\/h3>\n<p>Die europ\u00e4ischen Projektpartner haben eine umfassende Sammlung von empfehlenswerten Materialien und \u00dcbungen zur F\u00f6rderung von Basiskompetenzen zusammengetragen, die wir Ihnen auf dieser Internetseite zur Verf\u00fcgung stellen. Bisher liegen sie leider nur in Englischer Sprache vor, eine deutsche Version der Materialien folgt!<\/p>\n<p>\n\n<div class=\"lang-link-holder\"><div class=\"lang-link\"><a href=\"http:\/\/www.pro-skills.eu\/de\/produkte\/the-pro-skills-toolbox-examples-of-good-practice-de\/\" target=\"_self\"><img decoding=\"async\" class=\"flag2\" src=\"https:\/\/www.pro-skills.eu\/wp-content\/themes\/tribune\/images\/germany.jpg\" title=\"Link to German Examples of good practice\" \/><\/a><\/div>\n<\/div>\n\n &#8230;&#8230;&#8230;&#8230;&#8230;&#8230;&#8230;&#8230;&#8230;&#8230;&#8230;&#8230;&#8230;&#8230;&#8230;&#8230;&#8230;&#8230;&#8230;&#8230;&#8230;&#8230;&#8230;&#8230;&#8230;&#8230;&#8230;&#8230;&#8230;&#8230;&#8230;&#8230;&#8230;&#8230;&#8230;&#8230;&#8230;&#8230;&#8230;&#8230;&#8230;&#8230;&#8230;&#8230;&#8230;&#8230;&#8230;&#8230;&#8230;&#8230;&#8230;&#8230;&#8230;&#8230;&#8230;&#8230;&#8230;&#8230;&#8230;&#8230;&#8230;&#8230;&#8230;&#8230;&#8230;&#8230;&#8230;&#8230;&#8230;&#8230;&#8230;&#8230;&#8230;&#8230;&#8230;&#8230;&#8230;&#8230;.<\/p>\n<h3><a name=\"requirements\"><\/a>Bildungspolitische Erfordernisse zum Empowerment von sozial Benachteiligten<\/h3>\n<p>Diese Brosch\u00fcre umfasst bildungspolitische Erfordernisse, die aus dem Pro-Skill-Projekt und der europ\u00e4ischen Konferenz im Juni 2008 in Luxemburg hervorgegangen sind. Der Bedarf an Lebenslangem Lernen sowie die Bedeutung der Basiskompetenzen wird diskutiert. Der Download sowie die Vervielf\u00e4ltigung des Handbuchs sind kostenfrei und erw\u00fcnscht. Sofern Sie an Printversionen interessiert sind, k\u00f6nnen Sie sich an den Projektpartner in ihrem Land oder an die Projektkoordinatoren wenden.<\/p>\n<p>&nbsp;<\/p>\n<p><img loading=\"lazy\" decoding=\"async\" class=\"alignleft product-image\" src=\"http:\/\/www.pro-skills.eu\/slike\/requirements.jpg\" alt=\"\" width=\"260\" height=\"373\" \/><\/p>\n<p><a href=\"http:\/\/www.pro-skills.eu\/documents\/sensitization_english.pdf\" target=\"_blank\"><img loading=\"lazy\" decoding=\"async\" src=\"http:\/\/www.pro-skills.eu\/slike\/PDF_icon.jpg\" alt=\"\" width=\"38\" height=\"38\" \/>English<\/a><\/p>\n<p><a href=\"http:\/\/www.pro-skills.eu\/documents\/sensitization_german.pdf\" target=\"_blank\"><img loading=\"lazy\" decoding=\"async\" src=\"http:\/\/www.pro-skills.eu\/slike\/PDF_icon.jpg\" alt=\"\" width=\"38\" height=\"38\" \/>German<\/a><\/p>\n<p><a href=\"http:\/\/www.pro-skills.eu\/documents\/sensitization_french.pdf\" target=\"_blank\"><img loading=\"lazy\" decoding=\"async\" src=\"http:\/\/www.pro-skills.eu\/slike\/PDF_icon.jpg\" alt=\"\" width=\"38\" height=\"38\" \/>French<\/a><\/p>\n<p><img loading=\"lazy\" decoding=\"async\" src=\"http:\/\/www.pro-skills.eu\/slike\/PDF_icon.jpg\" alt=\"\" width=\"38\" height=\"38\" \/><a href=\"http:\/\/www.pro-skills.eu\/documents\/sensitization_finnish.pdf\" target=\"_blank\">Finnish<\/a><\/p>\n<p><a href=\"http:\/\/www.pro-skills.eu\/documents\/sensitization_greek.pdf\" target=\"_blank\"><img loading=\"lazy\" decoding=\"async\" src=\"http:\/\/www.pro-skills.eu\/slike\/PDF_icon.jpg\" alt=\"\" width=\"38\" height=\"38\" \/>Greek<\/a><\/p>\n<p><a href=\"http:\/\/www.pro-skills.eu\/documents\/sensitization_italian.pdf\" target=\"_blank\"><img loading=\"lazy\" decoding=\"async\" src=\"http:\/\/www.pro-skills.eu\/slike\/PDF_icon.jpg\" alt=\"\" width=\"38\" height=\"38\" \/>Italian<\/a><\/p>\n<p><a href=\"http:\/\/www.pro-skills.eu\/documents\/sensitization_hungarian.pdf\" target=\"_blank\"><img loading=\"lazy\" decoding=\"async\" src=\"http:\/\/www.pro-skills.eu\/slike\/PDF_icon.jpg\" alt=\"\" width=\"38\" height=\"38\" \/>Hungarian<\/a><\/p>\n<p><a href=\"http:\/\/www.pro-skills.eu\/documents\/sensitization_slovenian.pdf\" target=\"_blank\"><img loading=\"lazy\" decoding=\"async\" src=\"http:\/\/www.pro-skills.eu\/slike\/PDF_icon.jpg\" alt=\"\" width=\"38\" height=\"38\" \/>Slovenian<\/a><\/p>\n","protected":false},"excerpt":{"rendered":"<p>&nbsp; Produkte 1. Hintergrund Philosophie von PRO-SKILLS&#8230; 2. Trainingskonzept zur F\u00f6rderung von sozialen und personalen&#8230; 3. Pro-Skills-Toolbox: Beispiele guter Praxis 4. Bildungspolitische Erfordernisse zum Empowerment von sozial Benachteiligten &#8230;&#8230;&#8230;&#8230;&#8230;&#8230;&#8230;&#8230;&#8230;&#8230;&#8230;&#8230;&#8230;&#8230;&#8230;&#8230;&#8230;&#8230;&#8230;&#8230;&#8230;&#8230;&#8230;&#8230;&#8230;&#8230;&#8230;&#8230;&#8230;&#8230;&#8230;&#8230;&#8230;&#8230;&#8230;&#8230;&#8230;&#8230;&#8230;&#8230;&#8230;&#8230;&#8230;&#8230;&#8230;&#8230;&#8230;&#8230;&#8230;&#8230;&#8230;&#8230;&#8230;&#8230;&#8230;&#8230;&#8230;&#8230;&#8230;&#8230;&#8230;&#8230;&#8230;&#8230;&#8230;&#8230;&#8230;&#8230;&#8230;&#8230;&#8230;&#8230;&#8230;&#8230;&#8230;&#8230;&#8230;&#8230;. Hintergrund Philosophie von PRO-SKILLS In diesem Dokument erl\u00e4utern die Pro-Skills-Partner die philosophische und ethische Grundlage des Ansatzes, ihre Werthaltungen, ihren Auftrag sowie den methodischen Ansatz. English [&hellip;]<\/p>\n","protected":false},"author":4,"featured_media":0,"parent":0,"menu_order":4,"comment_status":"closed","ping_status":"open","template":"","meta":{"ngg_post_thumbnail":0,"footnotes":""},"class_list":["post-610","page","type-page","status-publish","hentry"],"aioseo_notices":[],"_links":{"self":[{"href":"https:\/\/www.pro-skills.eu\/de\/wp-json\/wp\/v2\/pages\/610","targetHints":{"allow":["GET"]}}],"collection":[{"href":"https:\/\/www.pro-skills.eu\/de\/wp-json\/wp\/v2\/pages"}],"about":[{"href":"https:\/\/www.pro-skills.eu\/de\/wp-json\/wp\/v2\/types\/page"}],"author":[{"embeddable":true,"href":"https:\/\/www.pro-skills.eu\/de\/wp-json\/wp\/v2\/users\/4"}],"replies":[{"embeddable":true,"href":"https:\/\/www.pro-skills.eu\/de\/wp-json\/wp\/v2\/comments?post=610"}],"version-history":[{"count":5,"href":"https:\/\/www.pro-skills.eu\/de\/wp-json\/wp\/v2\/pages\/610\/revisions"}],"predecessor-version":[{"id":926,"href":"https:\/\/www.pro-skills.eu\/de\/wp-json\/wp\/v2\/pages\/610\/revisions\/926"}],"wp:attachment":[{"href":"https:\/\/www.pro-skills.eu\/de\/wp-json\/wp\/v2\/media?parent=610"}],"curies":[{"name":"wp","href":"https:\/\/api.w.org\/{rel}","templated":true}]}}